{"id":3781,"date":"2025-08-14T21:56:06","date_gmt":"2025-08-14T19:56:06","guid":{"rendered":"https:\/\/lesfeesdesherbes85.fr\/?post_type=product&#038;p=3781"},"modified":"2026-01-30T19:04:46","modified_gmt":"2026-01-30T18:04:46","slug":"charme-carpinus-betulus-confort-respiratoire-et-voies-aeriennes-superieures","status":"publish","type":"product","link":"https:\/\/lesfeesdesherbes85.fr\/product\/charme-carpinus-betulus-confort-respiratoire-et-voies-aeriennes-superieures\/","title":{"rendered":"Charme &#8211; Gemmoth\u00e9rapie \u2013 Confort respiratoire"},"content":{"rendered":"<p>Le Charme, sous forme de mac\u00e9r\u00e2t de bourgeons frais, est traditionnellement utilis\u00e9 en gemmoth\u00e9rapie pour soutenir la sant\u00e9 du syst\u00e8me respiratoire. Il aide notamment \u00e0 favoriser la lib\u00e9ration des voies a\u00e9riennes sup\u00e9rieures et \u00e0 am\u00e9liorer le confort respiratoire lors de g\u00eanes saisonni\u00e8res ou persistantes. Il est \u00e9galement un soutien sur la fonction h\u00e9patique, notamment pour le cholest\u00e9rol. Tonique, il renforce la vitalit\u00e9.<\/p>\n","protected":false},"excerpt":{"rendered":"<p>Le Charme, sous forme de mac\u00e9r\u00e2t de bourgeons, est traditionnellement utilis\u00e9 en gemmoth\u00e9rapie pour soutenir la sant\u00e9 du syst\u00e8me respiratoire. Il aide notamment \u00e0 favoriser la lib\u00e9ration des voies a\u00e9riennes sup\u00e9rieures et \u00e0 am\u00e9liorer le confort respiratoire lors de g\u00eanes saisonni\u00e8res ou persistantes. Il est \u00e9galement un soutien sur la fonction h\u00e9patique, notamment pour le cholest\u00e9rol. Tonique, il renforce la vitalit\u00e9.<\/p>\n","protected":false},"featured_media":4632,"comment_status":"closed","ping_status":"closed","template":"","meta":[],"product_brand":[],"product_cat":[61,48],"product_tag":[],"class_list":{"0":"post-3781","1":"product","2":"type-product","3":"status-publish","4":"has-post-thumbnail","6":"product_cat-la-gemmotherapie","7":"product_cat-les-complements-alimentaires","9":"first","10":"instock","11":"shipping-taxable","12":"purchasable","13":"product-type-simple"},"aioseo_notices":[],"_links":{"self":[{"href":"https:\/\/lesfeesdesherbes85.fr\/nov-apijson\/wp\/v2\/product\/3781","targetHints":{"allow":["GET"]}}],"collection":[{"href":"https:\/\/lesfeesdesherbes85.fr\/nov-apijson\/wp\/v2\/product"}],"about":[{"href":"https:\/\/lesfeesdesherbes85.fr\/nov-apijson\/wp\/v2\/types\/product"}],"replies":[{"embeddable":true,"href":"https:\/\/lesfeesdesherbes85.fr\/nov-apijson\/wp\/v2\/comments?post=3781"}],"wp:featuredmedia":[{"embeddable":true,"href":"https:\/\/lesfeesdesherbes85.fr\/nov-apijson\/wp\/v2\/media\/4632"}],"wp:attachment":[{"href":"https:\/\/lesfeesdesherbes85.fr\/nov-apijson\/wp\/v2\/media?parent=3781"}],"wp:term":[{"taxonomy":"product_brand","embeddable":true,"href":"https:\/\/lesfeesdesherbes85.fr\/nov-apijson\/wp\/v2\/product_brand?post=3781"},{"taxonomy":"product_cat","embeddable":true,"href":"https:\/\/lesfeesdesherbes85.fr\/nov-apijson\/wp\/v2\/product_cat?post=3781"},{"taxonomy":"product_tag","embeddable":true,"href":"https:\/\/lesfeesdesherbes85.fr\/nov-apijson\/wp\/v2\/product_tag?post=3781"}],"curies":[{"name":"wp","href":"https:\/\/api.w.org\/{rel}","templated":true}]}}