{"id":3758,"date":"2025-08-13T16:09:39","date_gmt":"2025-08-13T14:09:39","guid":{"rendered":"https:\/\/lesfeesdesherbes85.fr\/?post_type=product&#038;p=3758"},"modified":"2025-11-21T17:18:37","modified_gmt":"2025-11-21T16:18:37","slug":"baume-eclat-geranium-rosat-tonus-et-lumiere-pour-les-peaux-matures","status":"publish","type":"product","link":"https:\/\/lesfeesdesherbes85.fr\/product\/baume-eclat-geranium-rosat-tonus-et-lumiere-pour-les-peaux-matures\/","title":{"rendered":"Baume \u00c9clat \u2013 G\u00e9ranium rosat, tonus et lumi\u00e8re pour les peaux matures"},"content":{"rendered":"<p>Un baume visage naturel au G\u00e9ranium rosat, aux vertus tonifiantes, purifiantes et r\u00e9g\u00e9n\u00e9rantes, id\u00e9al pour raviver l\u2019\u00e9clat des peaux matures. Sa texture fondante, douce et nourrissante en fera votre rituel beaut\u00e9 du matin, pour un teint lumineux et une peau rayonnante.<\/p>\n","protected":false},"excerpt":{"rendered":"<p>Un baume visage naturel au G\u00e9ranium rosat, aux vertus tonifiantes, purifiantes et r\u00e9g\u00e9n\u00e9rantes, id\u00e9al pour raviver l\u2019\u00e9clat des peaux matures. Sa texture fondante, douce et nourrissante en fera votre rituel beaut\u00e9 du matin, pour un teint lumineux et une peau rayonnante.<\/p>\n","protected":false},"featured_media":4553,"comment_status":"closed","ping_status":"closed","template":"","meta":[],"product_brand":[],"product_cat":[46],"product_tag":[],"class_list":{"0":"post-3758","1":"product","2":"type-product","3":"status-publish","4":"has-post-thumbnail","6":"product_cat-cosmetiques","8":"first","9":"instock","10":"shipping-taxable","11":"purchasable","12":"product-type-simple"},"aioseo_notices":[],"_links":{"self":[{"href":"https:\/\/lesfeesdesherbes85.fr\/nov-apijson\/wp\/v2\/product\/3758","targetHints":{"allow":["GET"]}}],"collection":[{"href":"https:\/\/lesfeesdesherbes85.fr\/nov-apijson\/wp\/v2\/product"}],"about":[{"href":"https:\/\/lesfeesdesherbes85.fr\/nov-apijson\/wp\/v2\/types\/product"}],"replies":[{"embeddable":true,"href":"https:\/\/lesfeesdesherbes85.fr\/nov-apijson\/wp\/v2\/comments?post=3758"}],"wp:featuredmedia":[{"embeddable":true,"href":"https:\/\/lesfeesdesherbes85.fr\/nov-apijson\/wp\/v2\/media\/4553"}],"wp:attachment":[{"href":"https:\/\/lesfeesdesherbes85.fr\/nov-apijson\/wp\/v2\/media?parent=3758"}],"wp:term":[{"taxonomy":"product_brand","embeddable":true,"href":"https:\/\/lesfeesdesherbes85.fr\/nov-apijson\/wp\/v2\/product_brand?post=3758"},{"taxonomy":"product_cat","embeddable":true,"href":"https:\/\/lesfeesdesherbes85.fr\/nov-apijson\/wp\/v2\/product_cat?post=3758"},{"taxonomy":"product_tag","embeddable":true,"href":"https:\/\/lesfeesdesherbes85.fr\/nov-apijson\/wp\/v2\/product_tag?post=3758"}],"curies":[{"name":"wp","href":"https:\/\/api.w.org\/{rel}","templated":true}]}}